{"id":120,"date":"2024-07-18T21:56:38","date_gmt":"2024-07-18T19:56:38","guid":{"rendered":"https:\/\/lamaisonderejane.com\/?page_id=120"},"modified":"2024-08-19T17:03:14","modified_gmt":"2024-08-19T15:03:14","slug":"les-professeurs","status":"publish","type":"page","link":"https:\/\/lamaisonderejane.com\/index.php\/les-professeurs\/","title":{"rendered":"Les professeurs"},"content":{"rendered":"\n<div class=\"row row-full-width align-center\"  id=\"row-1375599229\">\n\n\n\t<div id=\"col-773961767\" class=\"col medium-6 small-12 large-6\"  >\n\t\t\t\t<div class=\"col-inner text-center\"  >\n\t\t\t\n\t\t\t\n\n    <div class=\"box has-hover has-hover box-push box-text-bottom\" >\n\n                  <div class=\"box-image image-zoom-long\" style=\"width:80%;\">\n           <div class=\"box-image-inner image-cover\" style=\"border-radius:100%;padding-top:100%;\">\n              <img loading=\"lazy\" decoding=\"async\" width=\"1715\" height=\"1715\" src=\"https:\/\/lamaisonderejane.com\/wp-content\/uploads\/2024\/07\/IMG_7819.jpeg\" class=\"attachment- size-\" alt=\"\" srcset=\"https:\/\/lamaisonderejane.com\/wp-content\/uploads\/2024\/07\/IMG_7819.jpeg 1715w, https:\/\/lamaisonderejane.com\/wp-content\/uploads\/2024\/07\/IMG_7819-300x300.jpeg 300w, https:\/\/lamaisonderejane.com\/wp-content\/uploads\/2024\/07\/IMG_7819-1024x1024.jpeg 1024w, https:\/\/lamaisonderejane.com\/wp-content\/uploads\/2024\/07\/IMG_7819-150x150.jpeg 150w, https:\/\/lamaisonderejane.com\/wp-content\/uploads\/2024\/07\/IMG_7819-768x768.jpeg 768w, https:\/\/lamaisonderejane.com\/wp-content\/uploads\/2024\/07\/IMG_7819-1536x1536.jpeg 1536w\" sizes=\"auto, (max-width: 1715px) 100vw, 1715px\" \/>                         <\/div>\n          <\/div>\n         \n          <div class=\"box-text text-center\" >\n                <div class=\"box-text-inner\">\n                  <h4 class=\"uppercase\">\n                    <span class=\"person-name\">R\u00e9jane LOSNO-TOBELEM<\/span><br\/>\n                    <span class=\"person-title is-small thin-font op-7\">\n                      Chor\u00e9graphe, Directrice Artistique, Danseuse professionnelle                    <\/span>\n                  <\/h4>\n\t\t\t\t\t<div class=\"social-icons follow-icons\" ><a href=\"tel:06 60 29 14 41\" data-label=\"Phone\" target=\"_blank\" class=\"icon plain tooltip phone\" title=\"Appelez-nous\" aria-label=\"Appelez-nous\" rel=\"nofollow noopener\"><i class=\"icon-phone\" aria-hidden=\"true\"><\/i><\/a><\/div>\n\n\n                <\/div>\n          <\/div>\n    <\/div>\n\n\t\n    \n\t<div id=\"gap-1448927798\" class=\"gap-element clearfix\" style=\"display:block; height:auto;\">\n\t\t\n<style>\n#gap-1448927798 {\n  padding-top: 0px;\n}\n@media (min-width:550px) {\n  #gap-1448927798 {\n    padding-top: 100px;\n  }\n}\n<\/style>\n\t<\/div>\n\t\n\n\n\t\t<\/div>\n\t\t\t\t\t<\/div>\n\n\t\n\n\t<div id=\"col-329518374\" class=\"col medium-6 small-12 large-6\"  >\n\t\t\t\t<div class=\"col-inner\"  >\n\t\t\t\n\t<div class=\"is-border\"\n\t\tstyle=\"border-color:#f78912;border-width:0px 0px 0px 1px;\">\n\t<\/div>\n\t\t\t\n\n\t<div id=\"text-4047930996\" class=\"text\">\n\t\t\n\n<p style=\"font-weight: 400;\">R\u00e9jane Losno-Tobelem\u00a0se prend de passion pour la danse d\u00e8s l\u2019\u00e2ge de quatre ans. \u00a0Le mouvement est son moyen de communication favori. L\u2019alliage du corps, de l\u2019espace et du temps est pour elle une vibration interne telle qu\u2019elle ne peut plus s\u2019en passer et d\u00e9cide d\u2019en faire son m\u00e9tier. Elle apprend \u00e0 danser principalement aupr\u00e8s de Jacqueline Massia (danseuse \u00e9toile de l\u2019Op\u00e9ra de Oran), de Yvonne Follo et de Mireille Monruffet au Conservatoire d\u2019Aubagne. Elle commence le Jazz avec H\u00e9l\u00e8ne Massia-Costa et parfait sa formation \u00e0 Paris Centre \u00e0 Paris pendant plusieurs ann\u00e9es. Proche de Rick Odums et du jazz des ann\u00e9es 80, elle devient rapidement\u00a0danseuse soliste (Compagnie Patricia Bouglet, Titus Pomsar, Vladimir Pilinger et Gilles Brinas) en France et \u00e0 l\u2019\u00e9tranger.<\/p>\n<p style=\"font-weight: 400;\">Le th\u00e9\u00e2tre l\u2019attire. Elle se sent \u00e9galement aimant\u00e9e et inspir\u00e9e par les mots, le verbe et la po\u00e9sie. Elle d\u00e9cide parall\u00e8lement \u00e0 la danse de suivre sa formation au conservatoire d\u2019Aubagne ainsi qu\u2019aupr\u00e8s d\u2019Henri Cr\u00e9mieux, puis beaucoup plus tard \u00e0 Toulon aux cot\u00e9s de Philippe Berling et pour finir \u00e0 Paris avec Oscar Sisto.<\/p>\n<p style=\"font-weight: 400;\">\u00a0<\/p>\n<p style=\"font-weight: 400;\">\u00a0La transmission devient une \u00e9vidence pour elle. Elle consid\u00e8re ce partage comme un \u00e9change \u2026 UNE AVENTURE HUMAINE. Elle cible toutes formes de publics, de l\u2019amateur au professionnel, du valide au danseur en situation de handicap (mental et physique), elle accepte m\u00eame d\u2019enseigner de fa\u00e7on plus scientifique au sein de l\u2019\u00e9tablissement de la Bourbonne \u00e0 Aubagne pendant plusieurs ann\u00e9es pour accompagner les malades atteints de la maladie de Parkinson. Elle a \u00e9t\u00e9 sollicit\u00e9e suite \u00e0 des \u00e9tudes prouvant que la danse aide \u00e0 retenir l\u2019\u00e9volution de la maladie. Elle a m\u00eame \u00e9t\u00e9 invit\u00e9e \u00e0 l\u2019Universit\u00e9 de Jiao Tong -Shanga\u00ef en Chine comme intervenante en management de l\u2019Art et de l\u2019Art th\u00e9rapie ainsi qu\u2019en Afrique au Congo Brazaville.<\/p>\n<p style=\"font-weight: 400;\">\u00a0<\/p>\n<p style=\"font-weight: 400;\">D\u00e8s le d\u00e9part cr\u00e9er devient vital et elle d\u00e9cide de s\u00a0\u2018exprimer en cr\u00e9ant de nombreux spectacles. Reconnue pour ses chor\u00e9graphies, elle est\u00a0r\u00e9compens\u00e9e plusieurs fois par de nombreux prix et re\u00e7oit bon nombre de m\u00e9dailles d\u2019or (Concours CND). \u00a0Elle devient une r\u00e9f\u00e9rence de la chor\u00e9graphie sc\u00e9nique et du Ballet-Th\u00e9\u00e2tre et se lance dans la mise en sc\u00e8ne. Elle cr\u00e9\u00e9 la Compagnie \u00ab\u00a0Rebonds\u00a0\u00bb en 2008, Compagnie qui jouera son fameux spectacle \u00ab\u00a0Des moments de vie\u00a0\u00bb au festival d\u2019Avignon en 2008. Puis elle cr\u00e9a une nouvelle Compagnie \u00ab\u00a0Les jeunes ballets du sud\u00a0\u00bb en 2016 pour laquelle elle cr\u00e9a \u00a0\u00ab\u00a0HEROES\u00a0\u00bb qui sera jou\u00e9 \u00e0 Paris au th\u00e9\u00e2tre du globe et plusieurs fois dans le sud de la France (Toulon, La ciotat, Cassis). Puis une aventure folle, une reprise de la magnifique \u0153uvre de Racine \u00ab\u00a0Ph\u00e8dre\u00a0\u00bb pi\u00e8ce chor\u00e9graphique et th\u00e9\u00e2trale qu\u2019elle jouera pendant un mois au festival d\u2019Avignon et qui sera accueillie comme une interpr\u00e9tation provocatrice de g\u00e9nie par la presse. C\u2019est \u00e0 cette m\u00eame p\u00e9riode qu\u2019elle est sollicit\u00e9e pour chor\u00e9graphier une s\u00e9rie cr\u00e9\u00e9e par Cactus film et Netflix international en 2022\u00a0\u00ab\u00a0Transatlantique\u00a0\u00bb.<\/p>\n<p style=\"font-weight: 400;\">Suite \u00e0 son expertise tr\u00e8s appr\u00e9ci\u00e9e de ses pairs, R\u00e9jane est r\u00e9guli\u00e8rement invit\u00e9e comme jury dans toute l\u2019Europe dans des concours nationaux. Elle a la r\u00e9putation d\u2019avoir une vision juste de la danse, d\u2019\u00eatre sage et honn\u00eate dans ses d\u00e9cisions.\u00a0<\/p>\n<p style=\"font-weight: 400;\"><br \/>Son toit, sa maison \u00ab\u00a0La Maison de R\u00e9jane \u00bb\u00a0est n\u00e9e en l\u2019an 2000 \u00e0 Aubagne. Depuis, chaque ann\u00e9e, son challenge n\u2019est autre que celui de\u00a0r\u00e9v\u00e9ler le talent qui se cache au plus profond de chacune ou chacun de ses \u00e9l\u00e8ves. R\u00e9jane se consid\u00e8re comme une t\u00eate chercheuse en qu\u00eate de r\u00e9v\u00e9lation de nouveaux talents parfois inimaginables. C\u2019est ainsi que de nombreux(ses) \u00e9l\u00e8ves sont devenus(es) professionnels (elles) de la danse. Quel que soit leur niveau c\u2019est pour elle une grande fiert\u00e9 que de r\u00e9ussir \u00e0 aider ses \u00e9l\u00e8ves \u00e0 accomplir leur r\u00eave.<\/p>\n<p style=\"font-weight: 400;\">Mais tout cela n\u2019aurait pas pu \u00eatre si elle ne s\u2019\u00e9tait pas nourrie intellectuellement d\u2019\u00e9tudes universitaires comme accompagnement \u00e0 ses \u00e9tudes artistiques (mati\u00e8res th\u00e9oriques du DE, CAE jazz et de nombreux stages de p\u00e9dagogie). Apr\u00e8s une licence de m\u00e9diation culturelle de l\u2019art (option th\u00e9\u00e2tre), elle s\u2019est int\u00e9ress\u00e9e \u00e0 la gestion culturelle (\u00e9tablissements et projets) qu\u2019elle a valid\u00e9 d\u2019un Master, puis a encha\u00een\u00e9 un second master de Recherche afin d\u2019acc\u00e9der \u00e0 un Doctorat de gestion dont la recherche vise \u00e0 prouver que l\u2019Homme peut se g\u00e9rer par l\u2019Art.<\/p>\n<h3 style=\"text-align: left;\">Elle s\u2019est lanc\u00e9e dans une recherche sur le management (th\u00e8se en cours d\u2019\u00e9criture), c\u2019est-\u00e0-dire sur l\u2019organisation du travail des hommes et des femmes dans l\u2019entreprise ou les organisations pour mieux analyser en profondeur comment l\u2019attitude de l\u2019artiste peut servir \u00e0 \u00e9viter ou att\u00e9nuer les conflits dans la vie professionnelle ou sociale. Ces deux domaines, la pratique d\u2019un art et le management, s\u2019enrichissant depuis dans sa pratique et aiguisant sans cesse sa compr\u00e9hension des ph\u00e9nom\u00e8nes de relations humaines parfois si difficiles \u00e0 mettre au service de tous dans le respect et la bienveillance. \u00c9tonnante association qu\u2019elle est en train de d\u00e9couvrir, \u00e0 partir du simple bon sens, combien elle est \u00e0 notre port\u00e9e pour le bonheur et le succ\u00e8s de tous. R\u00e9jane fait ainsi avancer la connaissance dans un domaine qui ne manquera pas de bouleverser les id\u00e9es re\u00e7ues sur le besoin de participation et de responsabilit\u00e9 dans tous les groupes, dans toutes les \u00e9quipes o\u00f9 les individus doivent travailler ensemble.<\/h3>\n<p style=\"font-weight: 400;\">Encore et toujours, elle met au centre de sa vie l\u2019HUMAIN. Elle a d\u2019ailleurs enseign\u00e9 dans le ton de sa recherche pendant plusieurs ann\u00e9es en qualit\u00e9 de professeur tuteur \u00e0 l\u2019IAE de Nice tout en dirigeant son Centre chor\u00e9graphique.<\/p>\n<p style=\"font-weight: 400;\">Travailler avec R\u00e9jane c\u2019est travailler avec une personnalit\u00e9 passionn\u00e9e, exigeante, douce, tendre, maternelle et cadrante avec les enfants. Avec les plus grands elle est toujours \u00e0 l\u2019\u00e9coute, tr\u00e8s perfectionniste elle est clairement tr\u00e8s exigeante attendant de chacun qu\u2019il se donne \u00e0 1000% . C\u2019est sa fa\u00e7on de partager l\u2019aventure de la danse, c\u2019est sa fa\u00e7on de respecter le projet de chacun quel qu\u2019il soit.<\/p>\n<p style=\"font-weight: 400;\">Trente ans d\u2019exp\u00e9rience et de renouvellement constant<\/p>\n<h3 style=\"text-align: left;\">R\u00e9jane Losno, l\u2019une des tr\u00e8s rares chor\u00e9graphes \u00e0 avoir su \u00e9lever son art au rang de chemin du bonheur, du bien-\u00eatre et de la pl\u00e9nitude, pour tous ceux qui ont eu la chance de l\u2019avoir comme professeur et comme mentor.<\/h3>\n<h3 style=\"text-align: left;\">R\u00e9jane a su, en effet, observer et comprendre d\u00e8s les premi\u00e8res ann\u00e9es de sa pratique, l\u2019impact que pouvait avoir la danse sur les apprentis danseurs, depuis leur plus jeune \u00e2ge jusqu\u2019au passage \u00e0 l\u2019\u00e2ge adulte, bien au-del\u00e0 de leur apprentissage technique. Elle a su en faire un instrument d\u2019\u00e9ducation en observant tout ce que la science et l\u2019art du mouvement pouvaient apporter de rigueur, de structuration de l\u2019esprit et d\u2019humilit\u00e9.<\/h3>\n<h3 style=\"text-align: left;\">Les retours d\u2019\u00e9l\u00e8ves et de parents, tout autant que les commentaires de ses pairs, illustrent largement ce don magique d\u2019une vraie femme, c\u2019est \u00e0 dire un \u00eatre humain, un vrai, qui a simplement compris que le don d\u2019humanit\u00e9 avait \u00e9t\u00e9 donn\u00e9 aux \u00eatres humains pour la compr\u00e9hension, le partage, l\u2019indulgence, la biens\u00e9ance et la bienveillance. G\u00e9n\u00e9reuse, tourn\u00e9e vers les autres \u00e0 un niveau insoup\u00e7onnable pour ceux qui ne l\u2019ont pas rencontr\u00e9e personnellement.<\/h3>\n<h3 style=\"text-align: left;\">R\u00e9jane apporte du rayonnement et du bonheur \u00e0 tout ce qu\u2019elle touche. Des g\u00e9n\u00e9rations d\u2019enfants et d\u2019adolescents en t\u00e9moignent avec \u00e9motion, parfois maladroitement mais la plupart du temps avec les mots que permet le c\u0153ur quand il fonctionne bien.\u00a0 R\u00e9jane met de l\u2019\u00e2me dans la danse et elle sait jouer de cet outil avec professionnalisme et avec \u00e9motion pour nous faire grandir, corps et \u00e2me.<\/h3>\n<h3 style=\"text-align: left;\">Partie de cette constatation ; l\u2019impact de la danse et, plus g\u00e9n\u00e9ralement, de l\u2019art ; sur la structuration des personnalit\u00e9s, Titulaire d\u2019une licence de m\u00e9diation culturelle de l\u2019art, d\u2019un double master en gestion (gestion d\u2019\u00e9tablissements et \u00e9v\u00e9nements culturels et master recherche),\u00a0<\/h3>\n<h3 style=\"text-align: left;\">Son ambition est d\u2019accueillir divers intervenants du monde entier, comme Saarh, danseuse \u00e9toile de l\u2019Op\u00e9ra du Caire, Rick Odums (directeur du Centre international de danse parisien) , Patrick Dupond (danseur \u00e9toile et ex-directeur de l\u2019Op\u00e9ra de Paris).<\/h3>\n<h3 style=\"text-align: left;\">Elle s\u2019inspire de la danse classique, contemporaine, modern\u2019jazz, orientale (enseignements qu\u2019elle a re\u00e7us) pour transmettre sa technique au c\u0153ur d\u2019une p\u00e9dagogie tr\u00e8s personnelle et des cr\u00e9ations propres \u00e0 un vocabulaire personnel.<\/h3>\n\t\t\n<style>\n#text-4047930996 {\n  text-align: center;\n}\n<\/style>\n\t<\/div>\n\t\n<div class=\"slider-wrapper relative\" id=\"slider-285295355\" >\n    <div class=\"slider slider-type-fade slider-nav-circle slider-nav-large slider-nav-light slider-style-normal\"\n        data-flickity-options='{\n            \"cellAlign\": \"center\",\n            \"imagesLoaded\": true,\n            \"lazyLoad\": 1,\n            \"freeScroll\": true,\n            \"wrapAround\": true,\n            \"autoPlay\": 2000,\n            \"pauseAutoPlayOnHover\" : false,\n            \"prevNextButtons\": false,\n            \"contain\" : true,\n            \"adaptiveHeight\" : true,\n            \"dragThreshold\" : 10,\n            \"percentPosition\": true,\n            \"pageDots\": false,\n            \"rightToLeft\": false,\n            \"draggable\": true,\n            \"selectedAttraction\": 0.1,\n            \"parallax\" : 0,\n            \"friction\": 0.6        }'\n        >\n        \n\n\t<div class=\"img has-hover x md-x lg-x y md-y lg-y\" id=\"image_452814975\">\n\t\t\t\t\t\t\t\t<div class=\"img-inner dark\" >\n\t\t\t<img loading=\"lazy\" decoding=\"async\" width=\"1020\" height=\"728\" src=\"https:\/\/lamaisonderejane.com\/wp-content\/uploads\/2024\/07\/3d9f2756-03b6-4829-96ba-07a8ad6edb56-1024x731.jpg\" class=\"attachment-large size-large\" alt=\"\" srcset=\"https:\/\/lamaisonderejane.com\/wp-content\/uploads\/2024\/07\/3d9f2756-03b6-4829-96ba-07a8ad6edb56-1024x731.jpg 1024w, https:\/\/lamaisonderejane.com\/wp-content\/uploads\/2024\/07\/3d9f2756-03b6-4829-96ba-07a8ad6edb56-300x214.jpg 300w, https:\/\/lamaisonderejane.com\/wp-content\/uploads\/2024\/07\/3d9f2756-03b6-4829-96ba-07a8ad6edb56-768x548.jpg 768w, https:\/\/lamaisonderejane.com\/wp-content\/uploads\/2024\/07\/3d9f2756-03b6-4829-96ba-07a8ad6edb56.jpg 1280w\" sizes=\"auto, (max-width: 1020px) 100vw, 1020px\" \/>\t\t\t\t\t\t\n\t\t\t\t\t<\/div>\n\t\t\t\t\t\t\t\t\n<style>\n#image_452814975 {\n  width: 100%;\n}\n<\/style>\n\t<\/div>\n\t\n\n\t<div class=\"img has-hover x md-x lg-x y md-y lg-y\" id=\"image_1031729987\">\n\t\t\t\t\t\t\t\t<div class=\"img-inner dark\" >\n\t\t\t<img loading=\"lazy\" decoding=\"async\" width=\"1020\" height=\"728\" src=\"https:\/\/lamaisonderejane.com\/wp-content\/uploads\/2024\/07\/628bf489-93bf-42c7-abb1-19859c2c08d9-1024x731.jpg\" class=\"attachment-large size-large\" alt=\"\" srcset=\"https:\/\/lamaisonderejane.com\/wp-content\/uploads\/2024\/07\/628bf489-93bf-42c7-abb1-19859c2c08d9-1024x731.jpg 1024w, https:\/\/lamaisonderejane.com\/wp-content\/uploads\/2024\/07\/628bf489-93bf-42c7-abb1-19859c2c08d9-300x214.jpg 300w, https:\/\/lamaisonderejane.com\/wp-content\/uploads\/2024\/07\/628bf489-93bf-42c7-abb1-19859c2c08d9-768x548.jpg 768w, https:\/\/lamaisonderejane.com\/wp-content\/uploads\/2024\/07\/628bf489-93bf-42c7-abb1-19859c2c08d9.jpg 1280w\" sizes=\"auto, (max-width: 1020px) 100vw, 1020px\" \/>\t\t\t\t\t\t\n\t\t\t\t\t<\/div>\n\t\t\t\t\t\t\t\t\n<style>\n#image_1031729987 {\n  width: 100%;\n}\n<\/style>\n\t<\/div>\n\t\n\n\t<div class=\"img has-hover x md-x lg-x y md-y lg-y\" id=\"image_668502545\">\n\t\t\t\t\t\t\t\t<div class=\"img-inner dark\" >\n\t\t\t<img loading=\"lazy\" decoding=\"async\" width=\"731\" height=\"1024\" src=\"https:\/\/lamaisonderejane.com\/wp-content\/uploads\/2024\/07\/206706be-05eb-4f94-94ed-6fc3bc63260f-731x1024.jpg\" class=\"attachment-large size-large\" alt=\"\" srcset=\"https:\/\/lamaisonderejane.com\/wp-content\/uploads\/2024\/07\/206706be-05eb-4f94-94ed-6fc3bc63260f-731x1024.jpg 731w, https:\/\/lamaisonderejane.com\/wp-content\/uploads\/2024\/07\/206706be-05eb-4f94-94ed-6fc3bc63260f-214x300.jpg 214w, https:\/\/lamaisonderejane.com\/wp-content\/uploads\/2024\/07\/206706be-05eb-4f94-94ed-6fc3bc63260f-768x1076.jpg 768w, https:\/\/lamaisonderejane.com\/wp-content\/uploads\/2024\/07\/206706be-05eb-4f94-94ed-6fc3bc63260f.jpg 914w\" sizes=\"auto, (max-width: 731px) 100vw, 731px\" \/>\t\t\t\t\t\t\n\t\t\t\t\t<\/div>\n\t\t\t\t\t\t\t\t\n<style>\n#image_668502545 {\n  width: 100%;\n}\n<\/style>\n\t<\/div>\n\t\n\n\n     <\/div>\n\n     <div class=\"loading-spin dark large centered\"><\/div>\n\n\t<\/div>\n\n\n\n\t\t<\/div>\n\t\t\t\t\n<style>\n#col-329518374 > .col-inner {\n  padding: 0px 20px 0px 20px;\n}\n<\/style>\n\t<\/div>\n\n\t\n\n<\/div>\n\t<div id=\"gap-1938069790\" class=\"gap-element clearfix\" style=\"display:block; height:auto;\">\n\t\t\n<style>\n#gap-1938069790 {\n  padding-top: 30px;\n}\n<\/style>\n\t<\/div>\n\t\n\n<div class=\"row row-full-width align-center\"  id=\"row-644767550\">\n\n\n\t<div id=\"col-1194369039\" class=\"col medium-6 small-12 large-6\"  >\n\t\t\t\t<div class=\"col-inner text-center\"  >\n\t\t\t\n\t\t\t\n\n    <div class=\"box has-hover has-hover box-push box-text-bottom\" >\n\n                  <div class=\"box-image image-zoom-long\" style=\"width:80%;\">\n           <div class=\"box-image-inner image-cover\" style=\"border-radius:100%;padding-top:100%;\">\n              <img loading=\"lazy\" decoding=\"async\" width=\"960\" height=\"1189\" src=\"https:\/\/lamaisonderejane.com\/wp-content\/uploads\/2024\/07\/d11d5ed4-ad03-46b1-bff0-46e0aa7eb3c9.jpg\" class=\"attachment- size-\" alt=\"\" srcset=\"https:\/\/lamaisonderejane.com\/wp-content\/uploads\/2024\/07\/d11d5ed4-ad03-46b1-bff0-46e0aa7eb3c9.jpg 960w, https:\/\/lamaisonderejane.com\/wp-content\/uploads\/2024\/07\/d11d5ed4-ad03-46b1-bff0-46e0aa7eb3c9-242x300.jpg 242w, https:\/\/lamaisonderejane.com\/wp-content\/uploads\/2024\/07\/d11d5ed4-ad03-46b1-bff0-46e0aa7eb3c9-827x1024.jpg 827w, https:\/\/lamaisonderejane.com\/wp-content\/uploads\/2024\/07\/d11d5ed4-ad03-46b1-bff0-46e0aa7eb3c9-768x951.jpg 768w\" sizes=\"auto, (max-width: 960px) 100vw, 960px\" \/>                         <\/div>\n          <\/div>\n         \n          <div class=\"box-text text-center\" >\n                <div class=\"box-text-inner\">\n                  <h4 class=\"uppercase\">\n                    <span class=\"person-name\">Sarah Ashel<\/span><br\/>\n                    <span class=\"person-title is-small thin-font op-7\">\n                      Danseuse professionnelle Coordinatrice artistique                    <\/span>\n                  <\/h4>\n\t\t\t\t\t<div class=\"social-icons follow-icons\" ><a href=\"https:\/\/www.instagram.com\/sarahashelpro\" target=\"_blank\" data-label=\"Instagram\" class=\"icon plain tooltip instagram\" title=\"Nous suivre sur Instagram\" aria-label=\"Nous suivre sur Instagram\" rel=\"noopener nofollow\"><i class=\"icon-instagram\" aria-hidden=\"true\"><\/i><\/a><a href=\"mailto:sarahhlpro@gmail.com\" data-label=\"E-mail\" target=\"_blank\" class=\"icon plain tooltip email\" title=\"Nous envoyer un email\" aria-label=\"Nous envoyer un email\" rel=\"nofollow noopener\"><i class=\"icon-envelop\" aria-hidden=\"true\"><\/i><\/a><a href=\"tel:06.63.42.73.82\" data-label=\"Phone\" target=\"_blank\" class=\"icon plain tooltip phone\" title=\"Appelez-nous\" aria-label=\"Appelez-nous\" rel=\"nofollow noopener\"><i class=\"icon-phone\" aria-hidden=\"true\"><\/i><\/a><\/div>\n\n\n                <\/div>\n          <\/div>\n    <\/div>\n\n\t\n    \n\t<div id=\"gap-1665831692\" class=\"gap-element clearfix\" style=\"display:block; height:auto;\">\n\t\t\n<style>\n#gap-1665831692 {\n  padding-top: 0px;\n}\n@media (min-width:550px) {\n  #gap-1665831692 {\n    padding-top: 100px;\n  }\n}\n<\/style>\n\t<\/div>\n\t\n\n<a data-animate=\"fadeInUp\" href=\"https:\/\/lamaisonderejane.com\/wp-content\/uploads\/filr\/371\/Professional%20CV%20Resume.pdf\" class=\"button secondary is-outline\" style=\"border-radius:99px;\">\n\t\t<span>T\u00e9l\u00e9charger mon CV<\/span>\n\t<\/a>\n\n\n\n\t\t<\/div>\n\t\t\t\t\t<\/div>\n\n\t\n\n\t<div id=\"col-1369405407\" class=\"col medium-6 small-12 large-6\"  >\n\t\t\t\t<div class=\"col-inner\"  >\n\t\t\t\n\t<div class=\"is-border\"\n\t\tstyle=\"border-color:#f78912;border-width:0px 0px 0px 1px;\">\n\t<\/div>\n\t\t\t\n\n\t<div id=\"text-86691829\" class=\"text\">\n\t\t\n\n<h1 class=\"p1\" style=\"text-align: left;\"><span data-text-color=\"secondary\"><strong>Formations et dipl\u00f4mes<\/strong><\/span><\/h1>\n<h3 class=\"p1\" style=\"text-align: left;\">2023: Formation de coordination Artistique au Paradis Latin au pr\u00e8s de Cassy Covin<\/h3>\n<h3 class=\"p1\" style=\"text-align: left;\">2021: Formation au Dipl\u00f4me d&rsquo;\u00e9tat d&rsquo;enseignement de la danse Jazz au CAFE DANSE (Aix-en-Provence)<\/h3>\n<h3 class=\"p1\" style=\"text-align: left;\">Formation \u00ab\u00a0Artiste danseur\u00a0\u00bb \u00e0 l&rsquo;acad\u00e9mie internationale de danse (Paris 75016)<\/h3>\n<h3 class=\"p1\" style=\"text-align: left;\">2015: Baccalaur\u00e9at T.M.D au Iyc\u00e9e Lamartine 75009 Paris (Option danse Jazz 17\/20)<br \/><br \/><\/h3>\n<h2 class=\"p1\"><span data-text-color=\"secondary\"><strong><br \/>Exp\u00e9rience sc\u00e9nique<\/strong><\/span><\/h2>\n<h3 class=\"p1\" style=\"text-align: left;\"><br \/>2024: Danseuse dans l&rsquo;ensemble de la com\u00e9die musicale DIRTY DANCING et cover r\u00f4le \u00ab\u00a0VIVIANE* (26ans) Jury de la confed\u00e9ration nationale de danse (CND) a l&rsquo;international<br \/><br \/>2024: (26ans) Swing officielle du Paradis Latin<\/h3>\n<h3 style=\"text-align: left;\">2023: (26 ans) Danseuse coupe du monde de Rugby, Emission TV TFI *\u00ab tous avec les bleus\u00a0\u00bb<\/h3>\n<h3 style=\"text-align: left;\">2023: (26 ans) Formation de coordination artistique au Paradis Latin au pres de<\/h3>\n<h3 style=\"text-align: left;\">2022-2023: 126 ans Dance Capitaine dans &amp; Mon premier Cabaret y de Kamel<br \/>Quali au Paradis Latin<\/h3>\n<h3 style=\"text-align: left;\">2022: 2sans Assistante choregraphique et danseuse pour cactus ilm et<br \/>NETFLIX dans le projet serie internationale transatlantique \u00bb. Preparation<br \/>pnysique acteur principal er incarnation d &lsquo;un personnage alectan.<\/h3>\n<h3 style=\"text-align: left;\">2022:(25ans) Danseuse tourn\u00e9e concert \u00ab Apparence Tour \u00bb sud concert production chor\u00e9graphie par Christophe Licata<\/h3>\n<h3 style=\"text-align: left;\">2021 24 ans Danseuse pour la promotion du spectacle \u2022 Alors on danse de Chris Marques sur ir dans l&#8217;emission \u00ab Danse avec les stars \u00bb<\/h3>\n<h3 style=\"text-align: left;\">2021 (24ans) : Danseuse dans la tourn\u00e9e \u00ab Apparence \u00bb produit par Sud-concert et choregraphi\u00e9 par Christophe Licata<\/h3>\n<h3 style=\"text-align: left;\">2021 (24 ans): Danseuse pour \u00ab\u00a0Malika-Zaidi Agency\u00a0\u00bb, tourn\u00e9e en Turquie, chor\u00e9graphie Deinhine Attalt 4 ans Dance capitaine pour le snow La voie ou milley\u00a0\u00bb procut par Friaac.<\/h3>\n\t\t\n<style>\n#text-86691829 {\n  text-align: left;\n}\n<\/style>\n\t<\/div>\n\t\n\n\t\t<\/div>\n\t\t\t\t\n<style>\n#col-1369405407 > .col-inner {\n  padding: 0px 20px 0px 20px;\n}\n<\/style>\n\t<\/div>\n\n\t\n\n<\/div>\n\t<div id=\"gap-1712769623\" class=\"gap-element clearfix\" style=\"display:block; height:auto;\">\n\t\t\n<style>\n#gap-1712769623 {\n  padding-top: 30px;\n}\n<\/style>\n\t<\/div>\n\t\n\n<div class=\"is-divider divider clearfix\" style=\"max-width:1500px;height:1px;\"><\/div>\n\n\t<div id=\"gap-2094278986\" class=\"gap-element clearfix\" style=\"display:block; height:auto;\">\n\t\t\n<style>\n#gap-2094278986 {\n  padding-top: 30px;\n}\n<\/style>\n\t<\/div>\n\t\n\n<div class=\"row row-full-width align-center\"  id=\"row-576257389\">\n\n\n\t<div id=\"col-589718220\" class=\"col medium-6 small-12 large-6\"  >\n\t\t\t\t<div class=\"col-inner text-center\"  >\n\t\t\t\n\t\t\t\n\n    <div class=\"box has-hover has-hover box-push box-text-bottom\" >\n\n                  <div class=\"box-image image-zoom-long\" style=\"width:80%;\">\n           <div class=\"box-image-inner image-cover\" style=\"border-radius:100%;padding-top:100%;\">\n              <img loading=\"lazy\" decoding=\"async\" width=\"1944\" height=\"1296\" src=\"https:\/\/lamaisonderejane.com\/wp-content\/uploads\/2024\/07\/received_321614916300254.jpg\" class=\"attachment- size-\" alt=\"\" srcset=\"https:\/\/lamaisonderejane.com\/wp-content\/uploads\/2024\/07\/received_321614916300254.jpg 1944w, https:\/\/lamaisonderejane.com\/wp-content\/uploads\/2024\/07\/received_321614916300254-300x200.jpg 300w, https:\/\/lamaisonderejane.com\/wp-content\/uploads\/2024\/07\/received_321614916300254-1024x683.jpg 1024w, https:\/\/lamaisonderejane.com\/wp-content\/uploads\/2024\/07\/received_321614916300254-768x512.jpg 768w, https:\/\/lamaisonderejane.com\/wp-content\/uploads\/2024\/07\/received_321614916300254-1536x1024.jpg 1536w\" sizes=\"auto, (max-width: 1944px) 100vw, 1944px\" \/>                         <\/div>\n          <\/div>\n         \n          <div class=\"box-text text-center\" >\n                <div class=\"box-text-inner\">\n                  <h4 class=\"uppercase\">\n                    <span class=\"person-name\">WESNA VINCENT<\/span><br\/>\n                    <span class=\"person-title is-small thin-font op-7\">\n                      DANSEUR PROFESSIONEL ET PROFESSEUR                    <\/span>\n                  <\/h4>\n\t\t\t\t\t<div class=\"social-icons follow-icons\" ><a href=\"mailto:wesnachhey@hotmail.fr\" data-label=\"E-mail\" target=\"_blank\" class=\"icon plain tooltip email\" title=\"Nous envoyer un email\" aria-label=\"Nous envoyer un email\" rel=\"nofollow noopener\"><i class=\"icon-envelop\" aria-hidden=\"true\"><\/i><\/a><a href=\"tel:06.58.23.22.68\" data-label=\"Phone\" target=\"_blank\" class=\"icon plain tooltip phone\" title=\"Appelez-nous\" aria-label=\"Appelez-nous\" rel=\"nofollow noopener\"><i class=\"icon-phone\" aria-hidden=\"true\"><\/i><\/a><\/div>\n\n\n                <\/div>\n          <\/div>\n    <\/div>\n\n\t\n    \n\t<div id=\"gap-1493504429\" class=\"gap-element clearfix\" style=\"display:block; height:auto;\">\n\t\t\n<style>\n#gap-1493504429 {\n  padding-top: 0px;\n}\n@media (min-width:550px) {\n  #gap-1493504429 {\n    padding-top: 100px;\n  }\n}\n<\/style>\n\t<\/div>\n\t\n\n<a data-animate=\"fadeInUp\" class=\"button secondary is-outline\" style=\"border-radius:99px;\">\n\t\t<span>T\u00e9l\u00e9charger mon CV<\/span>\n\t<\/a>\n\n\n\n\t\t<\/div>\n\t\t\t\t\t<\/div>\n\n\t\n\n\t<div id=\"col-731558189\" class=\"col medium-6 small-12 large-6\"  >\n\t\t\t\t<div class=\"col-inner\"  >\n\t\t\t\n\t<div class=\"is-border\"\n\t\tstyle=\"border-color:#f78912;border-width:0px 0px 0px 1px;\">\n\t<\/div>\n\t\t\t\n\n\t<div id=\"text-747454589\" class=\"text\">\n\t\t\n\n<h1 class=\"p1\" style=\"text-align: left;\"><span data-text-color=\"secondary\"><strong>Formations et dipl\u00f4mes<\/strong><\/span><\/h1>\n<h3 class=\"p2\" style=\"text-align: left;\">Formateur en danse urbaine<\/h3>\n<h3 class=\"p2\" style=\"text-align: left;\">T\u00e9tra\u00e8de Passage certificat obtenu &#8211; 21 d\u00e9cembre 2007<\/h3>\n<h3 class=\"p4\" style=\"text-align: left;\">PERMIS B \/ V\u00e9hicul\u00e9<\/h3>\n<h2 class=\"p1\" style=\"text-align: left;\"><span data-text-color=\"secondary\"><strong><br \/>Exp\u00e9riences Professionnelles<br \/><br \/><\/strong><\/span><\/h2>\n<h3 class=\"p2\" style=\"text-align: left;\">Pr\u00e9sident et membre actif de l\u2019association PAS DE BASE<\/h3>\n<h3 class=\"p5\" style=\"text-align: left;\">Depuis 2015<\/h3>\n<h3 class=\"p3\" style=\"text-align: left;\">\u201cFAST LIFE\u201d est un show hip-hop, compos\u00e9 de deux bboys et deux bgirls, initialement sp\u00e9cialis\u00e9 dans les battles. Surnom\u00e9s La Branche Parall\u00e8lle, ce groupe de danseurs \u00e0 une vision de la danse hip-hop totalement diff\u00e9rente en particulier du Breaking depuis l\u2019arriv\u00e9e de la discipline aux jeux olympiques.<\/h3>\n<h3 class=\"p2\" style=\"text-align: left;\">Directeur Artistique Full In Dance, La Valentine 13011 MARSEILLE<\/h3>\n<h3 class=\"p6\" style=\"text-align: left;\">Depuis 2022<\/h3>\n<h3 class=\"p2\" style=\"text-align: left;\">Danseur\/Chor\u00e9graphe #La Branche Parall\u00e8le<\/h3>\n<h3 class=\"p7\" style=\"text-align: left;\">Depuis 2024<\/h3>\n<h3 class=\"p3\" style=\"text-align: left;\">J\u2019ai cr\u00e9\u00e9 l\u2019association PAS DE BASE. Elle est sp\u00e9cialis\u00e9e dans l\u2019enseignement des arts urbains, elle intervient sur le tout PACA.<\/h3>\n<h3 class=\"p3\" style=\"text-align: left;\">Ses missions, donner acc\u00e8s \u00e0 la culture et au sport au plus grand nombre, transmettre \u00e0 la future g\u00e9n\u00e9ration ma passion et organiser des \u00e9v\u00e8nements. J\u2019enseigne tout au long de l\u2019ann\u00e9e sur diverses structures, MJC de Brian\u00e7on (05), Mairie de Rians (83), la F.A.C. Marseille (13), La Maison de R\u00e9jane Aubagne (13), Le Studio Avignon (84)&#8230;<\/h3>\n<h3 class=\"p4\" style=\"text-align: left;\">06.58.23.22.68<\/h3>\n<h3 class=\"p4\" style=\"text-align: left;\">wesnachhey@hotmail.fr<\/h3>\n<h3 class=\"p4\" style=\"text-align: left;\">WESNA VINCENT<\/h3>\n<h3 class=\"p8\" style=\"text-align: left;\">De 2007-2016<\/h3>\n<h3 class=\"p9\" style=\"text-align: left;\">1er prix lors de nombreux battles en cat\u00e9gorie Breaking, solo et groupe.<\/h3>\n<h3 class=\"p9\" style=\"text-align: left;\">Voyages \u00e0 l\u2019\u00e9tranger, Gen\u00e8ve, Los Angeles, Berlin, Londres, Maroc &#8230;<\/h3>\n\t\t\n<style>\n#text-747454589 {\n  text-align: center;\n}\n<\/style>\n\t<\/div>\n\t\n<div class=\"slider-wrapper relative\" id=\"slider-1163345770\" >\n    <div class=\"slider slider-type-fade slider-nav-circle slider-nav-large slider-nav-light slider-style-normal\"\n        data-flickity-options='{\n            \"cellAlign\": \"center\",\n            \"imagesLoaded\": true,\n            \"lazyLoad\": 1,\n            \"freeScroll\": true,\n            \"wrapAround\": true,\n            \"autoPlay\": 2000,\n            \"pauseAutoPlayOnHover\" : false,\n            \"prevNextButtons\": false,\n            \"contain\" : true,\n            \"adaptiveHeight\" : true,\n            \"dragThreshold\" : 10,\n            \"percentPosition\": true,\n            \"pageDots\": false,\n            \"rightToLeft\": false,\n            \"draggable\": true,\n            \"selectedAttraction\": 0.1,\n            \"parallax\" : 0,\n            \"friction\": 0.6        }'\n        >\n        \n\n\t<div class=\"img has-hover x md-x lg-x y md-y lg-y\" id=\"image_2020080746\">\n\t\t\t\t\t\t\t\t<div class=\"img-inner dark\" >\n\t\t\t<img loading=\"lazy\" decoding=\"async\" width=\"1020\" height=\"680\" src=\"https:\/\/lamaisonderejane.com\/wp-content\/uploads\/2024\/07\/FB_IMG_1584960599999-1024x683.jpg\" class=\"attachment-large size-large\" alt=\"\" srcset=\"https:\/\/lamaisonderejane.com\/wp-content\/uploads\/2024\/07\/FB_IMG_1584960599999-1024x683.jpg 1024w, https:\/\/lamaisonderejane.com\/wp-content\/uploads\/2024\/07\/FB_IMG_1584960599999-300x200.jpg 300w, https:\/\/lamaisonderejane.com\/wp-content\/uploads\/2024\/07\/FB_IMG_1584960599999-768x512.jpg 768w, https:\/\/lamaisonderejane.com\/wp-content\/uploads\/2024\/07\/FB_IMG_1584960599999.jpg 1080w\" sizes=\"auto, (max-width: 1020px) 100vw, 1020px\" \/>\t\t\t\t\t\t\n\t\t\t\t\t<\/div>\n\t\t\t\t\t\t\t\t\n<style>\n#image_2020080746 {\n  width: 100%;\n}\n<\/style>\n\t<\/div>\n\t\n\n\t<div class=\"img has-hover x md-x lg-x y md-y lg-y\" id=\"image_912759386\">\n\t\t\t\t\t\t\t\t<div class=\"img-inner dark\" >\n\t\t\t<img loading=\"lazy\" decoding=\"async\" width=\"781\" height=\"520\" src=\"https:\/\/lamaisonderejane.com\/wp-content\/uploads\/2024\/07\/FB_IMG_1668790313754.jpg\" class=\"attachment-large size-large\" alt=\"\" srcset=\"https:\/\/lamaisonderejane.com\/wp-content\/uploads\/2024\/07\/FB_IMG_1668790313754.jpg 781w, https:\/\/lamaisonderejane.com\/wp-content\/uploads\/2024\/07\/FB_IMG_1668790313754-300x200.jpg 300w, https:\/\/lamaisonderejane.com\/wp-content\/uploads\/2024\/07\/FB_IMG_1668790313754-768x511.jpg 768w\" sizes=\"auto, (max-width: 781px) 100vw, 781px\" \/>\t\t\t\t\t\t\n\t\t\t\t\t<\/div>\n\t\t\t\t\t\t\t\t\n<style>\n#image_912759386 {\n  width: 100%;\n}\n<\/style>\n\t<\/div>\n\t\n\n\t<div class=\"img has-hover x md-x lg-x y md-y lg-y\" id=\"image_20477193\">\n\t\t\t\t\t\t\t\t<div class=\"img-inner dark\" >\n\t\t\t<img loading=\"lazy\" decoding=\"async\" width=\"713\" height=\"1024\" src=\"https:\/\/lamaisonderejane.com\/wp-content\/uploads\/2024\/07\/IMG_0579-713x1024.jpg\" class=\"attachment-large size-large\" alt=\"\" srcset=\"https:\/\/lamaisonderejane.com\/wp-content\/uploads\/2024\/07\/IMG_0579-713x1024.jpg 713w, https:\/\/lamaisonderejane.com\/wp-content\/uploads\/2024\/07\/IMG_0579-209x300.jpg 209w, https:\/\/lamaisonderejane.com\/wp-content\/uploads\/2024\/07\/IMG_0579-768x1104.jpg 768w, https:\/\/lamaisonderejane.com\/wp-content\/uploads\/2024\/07\/IMG_0579-1069x1536.jpg 1069w, https:\/\/lamaisonderejane.com\/wp-content\/uploads\/2024\/07\/IMG_0579.jpg 1080w\" sizes=\"auto, (max-width: 713px) 100vw, 713px\" \/>\t\t\t\t\t\t\n\t\t\t\t\t<\/div>\n\t\t\t\t\t\t\t\t\n<style>\n#image_20477193 {\n  width: 100%;\n}\n<\/style>\n\t<\/div>\n\t\n\n\n     <\/div>\n\n     <div class=\"loading-spin dark large centered\"><\/div>\n\n\t<\/div>\n\n\n\n\t\t<\/div>\n\t\t\t\t\n<style>\n#col-731558189 > .col-inner {\n  padding: 0px 20px 0px 20px;\n}\n<\/style>\n\t<\/div>\n\n\t\n\n<\/div>\n\t<div id=\"gap-711984726\" class=\"gap-element clearfix\" style=\"display:block; height:auto;\">\n\t\t\n<style>\n#gap-711984726 {\n  padding-top: 30px;\n}\n<\/style>\n\t<\/div>\n\t\n\n<div class=\"row row-full-width align-center\"  id=\"row-1178504361\">\n\n\n\t<div id=\"col-1802668949\" class=\"col medium-6 small-12 large-6\"  >\n\t\t\t\t<div class=\"col-inner text-center\"  >\n\t\t\t\n\t\t\t\n\n    <div class=\"box has-hover has-hover box-push box-text-bottom\" >\n\n                  <div class=\"box-image image-zoom-long\" style=\"width:80%;\">\n           <div class=\"box-image-inner image-cover\" style=\"border-radius:100%;padding-top:100%;\">\n              <img loading=\"lazy\" decoding=\"async\" width=\"1125\" height=\"854\" src=\"https:\/\/lamaisonderejane.com\/wp-content\/uploads\/2024\/07\/PHOTO-2024-07-27-15-55-43.jpg\" class=\"attachment- size-\" alt=\"\" srcset=\"https:\/\/lamaisonderejane.com\/wp-content\/uploads\/2024\/07\/PHOTO-2024-07-27-15-55-43.jpg 1125w, https:\/\/lamaisonderejane.com\/wp-content\/uploads\/2024\/07\/PHOTO-2024-07-27-15-55-43-300x228.jpg 300w, https:\/\/lamaisonderejane.com\/wp-content\/uploads\/2024\/07\/PHOTO-2024-07-27-15-55-43-1024x777.jpg 1024w, https:\/\/lamaisonderejane.com\/wp-content\/uploads\/2024\/07\/PHOTO-2024-07-27-15-55-43-768x583.jpg 768w\" sizes=\"auto, (max-width: 1125px) 100vw, 1125px\" \/>                         <\/div>\n          <\/div>\n         \n          <div class=\"box-text text-center\" >\n                <div class=\"box-text-inner\">\n                  <h4 class=\"uppercase\">\n                    <span class=\"person-name\">Margaux Sintes<\/span><br\/>\n                    <span class=\"person-title is-small thin-font op-7\">\n                      PROFESSEUR DE DANSE                    <\/span>\n                  <\/h4>\n\t\t\t\t\t<div class=\"social-icons follow-icons\" ><a href=\"mailto:margauxsintes@gmail.com\" data-label=\"E-mail\" target=\"_blank\" class=\"icon plain tooltip email\" title=\"Nous envoyer un email\" aria-label=\"Nous envoyer un email\" rel=\"nofollow noopener\"><i class=\"icon-envelop\" aria-hidden=\"true\"><\/i><\/a><a href=\"tel:0629397388\" data-label=\"Phone\" target=\"_blank\" class=\"icon plain tooltip phone\" title=\"Appelez-nous\" aria-label=\"Appelez-nous\" rel=\"nofollow noopener\"><i class=\"icon-phone\" aria-hidden=\"true\"><\/i><\/a><\/div>\n\n\n                <\/div>\n          <\/div>\n    <\/div>\n\n\t\n    \n\t<div id=\"gap-118851561\" class=\"gap-element clearfix\" style=\"display:block; height:auto;\">\n\t\t\n<style>\n#gap-118851561 {\n  padding-top: 0px;\n}\n@media (min-width:550px) {\n  #gap-118851561 {\n    padding-top: 100px;\n  }\n}\n<\/style>\n\t<\/div>\n\t\n\n<a data-animate=\"fadeInUp\" href=\"https:\/\/lamaisonderejane.com\/wp-content\/uploads\/filr\/501\/CV%20Enseignement%20Margaux%20SINTES%20juillet%202024.pdf\" class=\"button secondary is-outline\" style=\"border-radius:99px;\">\n\t\t<span>T\u00e9l\u00e9charger mon CV<\/span>\n\t<\/a>\n\n\n\n\t\t<\/div>\n\t\t\t\t\t<\/div>\n\n\t\n\n\t<div id=\"col-855214947\" class=\"col medium-6 small-12 large-6\"  >\n\t\t\t\t<div class=\"col-inner\"  >\n\t\t\t\n\t<div class=\"is-border\"\n\t\tstyle=\"border-color:#f78912;border-width:0px 0px 0px 1px;\">\n\t<\/div>\n\t\t\t\n\n\t<div id=\"text-1716192021\" class=\"text\">\n\t\t\n\n<h1 style=\"text-align: left;\"><span data-text-color=\"secondary\"><strong>Formations et dipl\u00f4mes<\/strong><\/span><\/h1>\n<h3 style=\"text-align: left;\">L3 psychologie a\u0300 distance (Toulouse Jean Jaure\u0300s, 2021-2022)<\/h3>\n<h3 style=\"text-align: left;\">Diplo\u0302me d&rsquo;e\u0301tat enseignement de la danse (Niveau 3, 2016)<\/h3>\n<h3 style=\"text-align: left;\">Baccalaure\u0301at ES (Mention AB, 2013)<\/h3>\n<div style=\"text-align: left;\">\u00a0<\/div>\n<h1 style=\"text-align: left;\"><span data-text-color=\"secondary\"><strong>Enseignement<\/strong><\/span><\/h1>\n<h3 style=\"text-align: left;\">Cours d&rsquo;\u00e9veil, initiation, cycles 1, 2 et 3 et adultes en danse classique et contemporaine, pr\u00e9paration concours FFD danse classique, cours particuliers, depuis 2016\u2028<br \/>&#8211; Centre de danse Tamanu (temps plein depuis 2020, Tahiti)\u00a0<br \/>&#8211; Ecole de danse de Simiane (2019, Simiane-Collongue) <br \/>&#8211; Ecole \u00ab\u00a0A petits pas\u00a0\u00bb (2016-2017, Marseille)\u2028<br \/>&#8211; Ecole \u00ab\u00a0Les studios du cours\u00a0\u00bb (2017, Marseille)\u2028<br \/>&#8211; Ecole \u00ab\u00a0Mambocha\u00a0\u00bb (2016-2017, Allauch)\u00a0<\/h3>\n<h3 style=\"text-align: left;\">Ateliers d&rsquo;improvisation et d&rsquo;expression corporelle pour danseurs professionnels, amateurs, et non-danseurs, depuis 2021\u2028<br \/>&#8211; Centre de danse Tamanu (Punaauia, Tahiti)\u00a0<\/h3>\n<h3 style=\"text-align: left;\">-Conservatoire Artistique de Polyn\u00e9sie Fran\u00e7aise, classes de terminale S2TMD option musique traditionnelle et art dramatique\u2028<br \/>&#8211; Coll\u00e8ge de Taravao (Tahiti)\u00a0<\/h3>\n<h1>\u00a0<\/h1>\n<h1 style=\"text-align: left;\"><span data-text-color=\"secondary\"><strong>Sc\u00e8ne \/ performances\u00a0<\/strong><\/span><\/h1>\n<h3 style=\"text-align: left;\">&#8211; Marque de pr\u00eat \u00e0 porter Maevy 2019 (Centre Io, Marseille)\u2028<br \/>&#8211; Jeune ballet d&rsquo;Aquitaine (2017-2018 chor\u00e9graphies Laura Arend, Christelle Lara, Miquel G.Font, Bordeaux)\u2028<br \/>&#8211; \u00ab\u00a0Rito de primavera\u00a0\u00bb Festival de Marseille 2017 (chor\u00e9graphie Jos\u00e9 Vidal, Marseille)\u00a0<br \/>&#8211; \u00ab\u00a0Persona\u00a0\u00bb court m\u00e9trage, r\u00e9alisation AIS (2017 Marseille)\u00a0<\/h3>\n\t\t\n<style>\n#text-1716192021 {\n  text-align: center;\n}\n<\/style>\n\t<\/div>\n\t\n<div class=\"slider-wrapper relative\" id=\"slider-704207885\" >\n    <div class=\"slider slider-type-fade slider-nav-circle slider-nav-large slider-nav-light slider-style-normal\"\n        data-flickity-options='{\n            \"cellAlign\": \"center\",\n            \"imagesLoaded\": true,\n            \"lazyLoad\": 1,\n            \"freeScroll\": true,\n            \"wrapAround\": true,\n            \"autoPlay\": 2000,\n            \"pauseAutoPlayOnHover\" : false,\n            \"prevNextButtons\": false,\n            \"contain\" : true,\n            \"adaptiveHeight\" : true,\n            \"dragThreshold\" : 10,\n            \"percentPosition\": true,\n            \"pageDots\": false,\n            \"rightToLeft\": false,\n            \"draggable\": true,\n            \"selectedAttraction\": 0.1,\n            \"parallax\" : 0,\n            \"friction\": 0.6        }'\n        >\n        \n\n\t<div class=\"img has-hover x md-x lg-x y md-y lg-y\" id=\"image_1115052862\">\n\t\t\t\t\t\t\t\t<div class=\"img-inner dark\" >\n\t\t\t<img loading=\"lazy\" decoding=\"async\" width=\"1000\" height=\"750\" src=\"https:\/\/lamaisonderejane.com\/wp-content\/uploads\/2024\/07\/PHOTO-2024-07-27-15-56-45-1.jpg\" class=\"attachment-large size-large\" alt=\"\" srcset=\"https:\/\/lamaisonderejane.com\/wp-content\/uploads\/2024\/07\/PHOTO-2024-07-27-15-56-45-1.jpg 1000w, https:\/\/lamaisonderejane.com\/wp-content\/uploads\/2024\/07\/PHOTO-2024-07-27-15-56-45-1-300x225.jpg 300w, https:\/\/lamaisonderejane.com\/wp-content\/uploads\/2024\/07\/PHOTO-2024-07-27-15-56-45-1-768x576.jpg 768w\" sizes=\"auto, (max-width: 1000px) 100vw, 1000px\" \/>\t\t\t\t\t\t\n\t\t\t\t\t<\/div>\n\t\t\t\t\t\t\t\t\n<style>\n#image_1115052862 {\n  width: 100%;\n}\n<\/style>\n\t<\/div>\n\t\n\n\t<div class=\"img has-hover x md-x lg-x y md-y lg-y\" id=\"image_374422930\">\n\t\t\t\t\t\t\t\t<div class=\"img-inner dark\" >\n\t\t\t<img loading=\"lazy\" decoding=\"async\" width=\"960\" height=\"960\" src=\"https:\/\/lamaisonderejane.com\/wp-content\/uploads\/2024\/07\/PHOTO-2024-07-27-15-56-45.jpg\" class=\"attachment-large size-large\" alt=\"\" srcset=\"https:\/\/lamaisonderejane.com\/wp-content\/uploads\/2024\/07\/PHOTO-2024-07-27-15-56-45.jpg 960w, https:\/\/lamaisonderejane.com\/wp-content\/uploads\/2024\/07\/PHOTO-2024-07-27-15-56-45-300x300.jpg 300w, https:\/\/lamaisonderejane.com\/wp-content\/uploads\/2024\/07\/PHOTO-2024-07-27-15-56-45-150x150.jpg 150w, https:\/\/lamaisonderejane.com\/wp-content\/uploads\/2024\/07\/PHOTO-2024-07-27-15-56-45-768x768.jpg 768w\" sizes=\"auto, (max-width: 960px) 100vw, 960px\" \/>\t\t\t\t\t\t\n\t\t\t\t\t<\/div>\n\t\t\t\t\t\t\t\t\n<style>\n#image_374422930 {\n  width: 100%;\n}\n<\/style>\n\t<\/div>\n\t\n\n\n     <\/div>\n\n     <div class=\"loading-spin dark large centered\"><\/div>\n\n\t<\/div>\n\n\n\n\t\t<\/div>\n\t\t\t\t\n<style>\n#col-855214947 > .col-inner {\n  padding: 0px 20px 0px 20px;\n}\n<\/style>\n\t<\/div>\n\n\t\n\n<\/div>\n\t<div id=\"gap-789108573\" class=\"gap-element clearfix\" style=\"display:block; height:auto;\">\n\t\t\n<style>\n#gap-789108573 {\n  padding-top: 30px;\n}\n<\/style>\n\t<\/div>\n\t\n\n\n\t<section class=\"section\" id=\"section_978550024\">\n\t\t<div class=\"section-bg fill\" >\n\t\t\t\t\t\t\t\t\t\n\t\t\t\n\n\t\t<\/div>\n\n\t\t\n\n\t\t<div class=\"section-content relative\">\n\t\t\t\n\n<div class=\"row\"  id=\"row-1886340075\">\n\n\n\t<div id=\"col-33536097\" class=\"col medium-4 small-12 large-4\"  >\n\t\t\t\t<div class=\"col-inner text-center\"  >\n\t\t\t\n\t\t\t\n\n<h3><a href=\"https:\/\/www.facebook.com\/maisonderejane\"><span style=\"font-size: 180%;\">Facebook<\/span><\/a><\/h3>\n\n\t\t<\/div>\n\t\t\t\t\t<\/div>\n\n\t\n\n\t<div id=\"col-164959829\" class=\"col medium-4 small-12 large-4\"  >\n\t\t\t\t<div class=\"col-inner text-center\"  >\n\t\t\t\n\t\t\t\n\n<h3><a href=\"https:\/\/www.instagram.com\/lamaisonderejane\/?hl=fr\"><span style=\"font-size: 180%;\">Instagram<\/span><\/a><\/h3>\n<div class=\"social-icons follow-icons hide-for-medium full-width text-center\" ><a href=\"https:\/\/www.facebook.com\/maisonderejane\" target=\"_blank\" data-label=\"Facebook\" class=\"icon plain tooltip facebook\" title=\"Nous suivre sur Facebook\" aria-label=\"Nous suivre sur Facebook\" rel=\"noopener nofollow\"><i class=\"icon-facebook\" aria-hidden=\"true\"><\/i><\/a><a href=\"https:\/\/www.instagram.com\/lamaisonderejane\/?hl=fr\" target=\"_blank\" data-label=\"Instagram\" class=\"icon plain tooltip instagram\" title=\"Nous suivre sur Instagram\" aria-label=\"Nous suivre sur Instagram\" rel=\"noopener nofollow\"><i class=\"icon-instagram\" aria-hidden=\"true\"><\/i><\/a><a href=\"https:\/\/www.youtube.com\/channel\/UCH1cna6KfG0DLRxAifpbjaw\" data-label=\"YouTube\" target=\"_blank\" class=\"icon plain tooltip youtube\" title=\"Nous suivre sur Youtube\" aria-label=\"Nous suivre sur Youtube\" rel=\"noopener nofollow\"><i class=\"icon-youtube\" aria-hidden=\"true\"><\/i><\/a><\/div>\n\n\n\t\t<\/div>\n\t\t\t\t\t<\/div>\n\n\t\n\n\t<div id=\"col-264167829\" class=\"col medium-4 small-12 large-4\"  >\n\t\t\t\t<div class=\"col-inner text-center\"  >\n\t\t\t\n\t\t\t\n\n<h3><a href=\"https:\/\/www.youtube.com\/channel\/UCH1cna6KfG0DLRxAifpbjaw\"><span style=\"font-size: 180%;\">Youtube<\/span><\/a><\/h3>\n<div class=\"social-icons follow-icons show-for-small full-width text-center\" ><a href=\"https:\/\/www.facebook.com\/maisonderejane\" target=\"_blank\" data-label=\"Facebook\" class=\"icon plain tooltip facebook\" title=\"Nous suivre sur Facebook\" aria-label=\"Nous suivre sur Facebook\" rel=\"noopener nofollow\"><i class=\"icon-facebook\" aria-hidden=\"true\"><\/i><\/a><a href=\"https:\/\/www.instagram.com\/lamaisonderejane\/?hl=fr\" target=\"_blank\" data-label=\"Instagram\" class=\"icon plain tooltip instagram\" title=\"Nous suivre sur Instagram\" aria-label=\"Nous suivre sur Instagram\" rel=\"noopener nofollow\"><i class=\"icon-instagram\" aria-hidden=\"true\"><\/i><\/a><a href=\"https:\/\/www.youtube.com\/channel\/UCH1cna6KfG0DLRxAifpbjaw\" data-label=\"YouTube\" target=\"_blank\" class=\"icon plain tooltip youtube\" title=\"Nous suivre sur Youtube\" aria-label=\"Nous suivre sur Youtube\" rel=\"noopener nofollow\"><i class=\"icon-youtube\" aria-hidden=\"true\"><\/i><\/a><\/div>\n\n\n\t\t<\/div>\n\t\t\t\t\t<\/div>\n\n\t\n\n<\/div>\n\n\t\t<\/div>\n\n\t\t\n<style>\n#section_978550024 {\n  padding-top: 80px;\n  padding-bottom: 80px;\n}\n<\/style>\n\t<\/section>\n\t\n\n","protected":false},"excerpt":{"rendered":"","protected":false},"author":1,"featured_media":0,"parent":0,"menu_order":0,"comment_status":"closed","ping_status":"closed","template":"page-blank.php","meta":{"footnotes":""},"class_list":["post-120","page","type-page","status-publish","hentry"],"_links":{"self":[{"href":"https:\/\/lamaisonderejane.com\/index.php\/wp-json\/wp\/v2\/pages\/120","targetHints":{"allow":["GET"]}}],"collection":[{"href":"https:\/\/lamaisonderejane.com\/index.php\/wp-json\/wp\/v2\/pages"}],"about":[{"href":"https:\/\/lamaisonderejane.com\/index.php\/wp-json\/wp\/v2\/types\/page"}],"author":[{"embeddable":true,"href":"https:\/\/lamaisonderejane.com\/index.php\/wp-json\/wp\/v2\/users\/1"}],"replies":[{"embeddable":true,"href":"https:\/\/lamaisonderejane.com\/index.php\/wp-json\/wp\/v2\/comments?post=120"}],"version-history":[{"count":44,"href":"https:\/\/lamaisonderejane.com\/index.php\/wp-json\/wp\/v2\/pages\/120\/revisions"}],"predecessor-version":[{"id":509,"href":"https:\/\/lamaisonderejane.com\/index.php\/wp-json\/wp\/v2\/pages\/120\/revisions\/509"}],"wp:attachment":[{"href":"https:\/\/lamaisonderejane.com\/index.php\/wp-json\/wp\/v2\/media?parent=120"}],"curies":[{"name":"wp","href":"https:\/\/api.w.org\/{rel}","templated":true}]}}